{"version":"1.0","provider_name":"Americano Newspaper","provider_url":"https:\/\/www.americanonewspaper.com\/es","title":"Maluma y Quevedo en M\u00fasica Latina Billboard.","type":"rich","width":600,"height":338,"html":"<blockquote class=\"wp-embedded-content\" data-secret=\"g3Mr5KUeA0\"><a href=\"https:\/\/www.americanonewspaper.com\/es\/colombia\/maluma-y-quevedo-en-musica-latina-billboard\/\">Maluma y Quevedo en M\u00fasica Latina Billboard.<\/a><\/blockquote><iframe sandbox=\"allow-scripts\" security=\"restricted\" src=\"https:\/\/www.americanonewspaper.com\/es\/colombia\/maluma-y-quevedo-en-musica-latina-billboard\/embed\/#?secret=g3Mr5KUeA0\" width=\"600\" height=\"338\" title=\"&#8220;Maluma y Quevedo en M\u00fasica Latina Billboard.&#8221; &#8212; Americano Newspaper\" data-secret=\"g3Mr5KUeA0\" frameborder=\"0\" marginwidth=\"0\" marginheight=\"0\" scrolling=\"no\" class=\"wp-embedded-content\"><\/iframe><script>\n\/*! This file is auto-generated *\/\n!function(d,l){\"use strict\";l.querySelector&&d.addEventListener&&\"undefined\"!=typeof URL&&(d.wp=d.wp||{},d.wp.receiveEmbedMessage||(d.wp.receiveEmbedMessage=function(e){var t=e.data;if((t||t.secret||t.message||t.value)&&!\/[^a-zA-Z0-9]\/.test(t.secret)){for(var s,r,n,a=l.querySelectorAll('iframe[data-secret=\"'+t.secret+'\"]'),o=l.querySelectorAll('blockquote[data-secret=\"'+t.secret+'\"]'),c=new RegExp(\"^https?:$\",\"i\"),i=0;i<o.length;i++)o[i].style.display=\"none\";for(i=0;i<a.length;i++)s=a[i],e.source===s.contentWindow&&(s.removeAttribute(\"style\"),\"height\"===t.message?(1e3<(r=parseInt(t.value,10))?r=1e3:~~r<200&&(r=200),s.height=r):\"link\"===t.message&&(r=new URL(s.getAttribute(\"src\")),n=new URL(t.value),c.test(n.protocol))&&n.host===r.host&&l.activeElement===s&&(d.top.location.href=t.value))}},d.addEventListener(\"message\",d.wp.receiveEmbedMessage,!1),l.addEventListener(\"DOMContentLoaded\",function(){for(var e,t,s=l.querySelectorAll(\"iframe.wp-embedded-content\"),r=0;r<s.length;r++)(t=(e=s[r]).getAttribute(\"data-secret\"))||(t=Math.random().toString(36).substring(2,12),e.src+=\"#?secret=\"+t,e.setAttribute(\"data-secret\",t)),e.contentWindow.postMessage({message:\"ready\",secret:t},\"*\")},!1)))}(window,document);\n\/\/# sourceURL=https:\/\/www.americanonewspaper.com\/es\/wp-includes\/js\/wp-embed.min.js\n<\/script>\n","thumbnail_url":"https:\/\/www.americanonewspaper.com\/es\/wp-content\/uploads\/2026\/08\/Malumaconabrigo.jpeg","thumbnail_width":560,"thumbnail_height":373,"description":"El colombiano Maluma y el espa\u00f1ol Quevedo se sumar\u00e1n a la Semana Billboard de la M\u00fasica Latina en Miami, que este a\u00f1o tendr\u00e1 como tema central la consolidaci\u00f3n global de las canciones en espa\u00f1ol como fuerza unificadora de la industria, seg\u00fan revelaron los organizadores este mi\u00e9rcoles."}