{"version":"1.0","provider_name":"Americano Newspaper","provider_url":"https:\/\/www.americanonewspaper.com\/es","title":"Bajas Militares en Colombia","type":"rich","width":600,"height":338,"html":"<blockquote class=\"wp-embedded-content\" data-secret=\"fo0ybeG91o\"><a href=\"https:\/\/www.americanonewspaper.com\/es\/colombia\/bajas-militares-en-colombia\/\">Bajas Militares en Colombia<\/a><\/blockquote><iframe sandbox=\"allow-scripts\" security=\"restricted\" src=\"https:\/\/www.americanonewspaper.com\/es\/colombia\/bajas-militares-en-colombia\/embed\/#?secret=fo0ybeG91o\" width=\"600\" height=\"338\" title=\"&#8220;Bajas Militares en Colombia&#8221; &#8212; Americano Newspaper\" data-secret=\"fo0ybeG91o\" frameborder=\"0\" marginwidth=\"0\" marginheight=\"0\" scrolling=\"no\" class=\"wp-embedded-content\"><\/iframe><script>\n\/*! This file is auto-generated *\/\n!function(d,l){\"use strict\";l.querySelector&&d.addEventListener&&\"undefined\"!=typeof URL&&(d.wp=d.wp||{},d.wp.receiveEmbedMessage||(d.wp.receiveEmbedMessage=function(e){var t=e.data;if((t||t.secret||t.message||t.value)&&!\/[^a-zA-Z0-9]\/.test(t.secret)){for(var s,r,n,a=l.querySelectorAll('iframe[data-secret=\"'+t.secret+'\"]'),o=l.querySelectorAll('blockquote[data-secret=\"'+t.secret+'\"]'),c=new RegExp(\"^https?:$\",\"i\"),i=0;i<o.length;i++)o[i].style.display=\"none\";for(i=0;i<a.length;i++)s=a[i],e.source===s.contentWindow&&(s.removeAttribute(\"style\"),\"height\"===t.message?(1e3<(r=parseInt(t.value,10))?r=1e3:~~r<200&&(r=200),s.height=r):\"link\"===t.message&&(r=new URL(s.getAttribute(\"src\")),n=new URL(t.value),c.test(n.protocol))&&n.host===r.host&&l.activeElement===s&&(d.top.location.href=t.value))}},d.addEventListener(\"message\",d.wp.receiveEmbedMessage,!1),l.addEventListener(\"DOMContentLoaded\",function(){for(var e,t,s=l.querySelectorAll(\"iframe.wp-embedded-content\"),r=0;r<s.length;r++)(t=(e=s[r]).getAttribute(\"data-secret\"))||(t=Math.random().toString(36).substring(2,12),e.src+=\"#?secret=\"+t,e.setAttribute(\"data-secret\",t)),e.contentWindow.postMessage({message:\"ready\",secret:t},\"*\")},!1)))}(window,document);\n\/\/# sourceURL=https:\/\/www.americanonewspaper.com\/es\/wp-includes\/js\/wp-embed.min.js\n<\/script>\n","thumbnail_url":"https:\/\/www.americanonewspaper.com\/es\/wp-content\/uploads\/2026\/09\/ColombianoM.jpeg","thumbnail_width":560,"thumbnail_height":418,"description":"Un tercer militar muri\u00f3 este s\u00e1bado a consecuencia del ataque con drones cargados con explosivos perpetrado en v\u00edspera contra un batall\u00f3n del Ej\u00e9rcito colombiano en el municipio de Oca\u00f1a, en el departamento Norte de Santander, fronterizo con Venezuela, inform\u00f3 el Ministerio de Defensa."}